{"id":113,"date":"2020-06-23T12:34:33","date_gmt":"2020-06-23T15:34:33","guid":{"rendered":"https:\/\/sites.enf.ufmg.br\/internato-enfermagem-aps\/?page_id=113"},"modified":"2020-08-19T11:36:18","modified_gmt":"2020-08-19T14:36:18","slug":"acervo-digital","status":"publish","type":"page","link":"https:\/\/sites.enf.ufmg.br\/internato-enfermagem-aps\/acervo-digital\/","title":{"rendered":"Acervo digital"},"content":{"rendered":"<div id=\"pl-113\"  class=\"panel-layout\" ><div id=\"pg-113-0\"  class=\"panel-grid panel-no-style\" ><div id=\"pgc-113-0-0\"  class=\"panel-grid-cell\" ><div id=\"panel-113-0-0-0\" class=\"so-panel widget widget_sow-editor panel-first-child panel-last-child\" data-index=\"0\" ><div\n\t\t\t\n\t\t\tclass=\"so-widget-sow-editor so-widget-sow-editor-base\"\n\t\t\t\n\t\t>\n<div class=\"siteorigin-widget-tinymce textwidget\">\n\t<p><span style=\"font-size: 12pt;\">A organiza\u00e7\u00e3o do acervo digital \u00e9 direcionada aos problemas enfrentados pelos munic\u00edpios parceiros. Foi dividido por \u00e1reas tem\u00e1ticas para facilitar o acesso. Dentro de cada pasta, ser\u00e1 poss\u00edvel encontrar artigos cient\u00edficos, protocolos cl\u00ednicos, resolu\u00e7\u00f5es, portarias, folhetos educativos, v\u00eddeos e entrevistas direcionados aos temas.<\/span><\/p>\n<table class=\" aligncenter\" style=\"width: 97.6587%; height: 389px;\">\n<tbody>\n<tr style=\"height: 72px;\">\n<td style=\"width: 52.3787%; border-style: solid; border-color: #c7c5c5; background-color: #faf8f5; height: 72px; text-align: center; vertical-align: middle;\"><strong><span style=\"font-size: 14pt;\"><a href=\"https:\/\/sites.enf.ufmg.br\/internato-enfermagem-aps\/acervo-digital\/gestao-e-acoes-na-rede\/\" target=\"_blank\" rel=\"noopener\"><span style=\"color: #e67a18;\"><b>Gest\u00e3o e A\u00e7\u00f5es na Rede<\/b><\/span><\/a><\/span><\/strong><\/td>\n<td style=\"width: 48.6854%; vertical-align: middle; border-style: solid; border-color: #c7c5c5; background-color: #faf8f5; height: 72px; text-align: center;\"><a href=\"https:\/\/sites.enf.ufmg.br\/internato-enfermagem-aps\/acervo-digital\/saude-do-trabalhador\/\" target=\"_blank\" rel=\"noopener\"><span style=\"font-size: 14pt;\"><span style=\"color: #e67a18;\"><b>Sa\u00fade do Trabalhador<\/b><\/span><\/span><\/a><\/td>\n<\/tr>\n<tr style=\"height: 72px;\">\n<td style=\"width: 52.3787%; border-style: solid; border-color: #c7c5c5; background-color: #faf8f5; vertical-align: middle; height: 72px; text-align: center;\"><a href=\"https:\/\/sites.enf.ufmg.br\/internato-enfermagem-aps\/acervo-digital\/vigilancia-e-manejo-clinico\/\" target=\"_blank\" rel=\"noopener\"><strong><span style=\"font-size: 14pt;\"><span style=\"color: #e67a18;\"><b>Vigil\u00e2ncia e Manejo Cl\u00ednico<\/b><\/span><\/span><\/strong><\/a><\/td>\n<td style=\"width: 48.6854%; vertical-align: middle; border-style: solid; border-color: #c7c5c5; background-color: #faf8f5; height: 72px; text-align: center;\"><a href=\"https:\/\/sites.enf.ufmg.br\/internato-enfermagem-aps\/acervo-digital\/saude-mental\/\" target=\"_blank\" rel=\"noopener\"><span style=\"font-size: 14pt;\"><span style=\"color: #e67a18;\"><b>Sa\u00fade Mental<\/b><\/span><\/span><\/a><\/td>\n<\/tr>\n<tr style=\"height: 70px;\">\n<td style=\"width: 52.3787%; border-style: solid; border-color: #c7c5c5; background-color: #faf8f5; vertical-align: middle; height: 70px; text-align: center;\"><a href=\"https:\/\/sites.enf.ufmg.br\/internato-enfermagem-aps\/acervo-digital\/saude-materno-infantil\/\" target=\"_blank\" rel=\"noopener\"><strong><span style=\"font-size: 14pt;\"><span style=\"color: #e67a18;\"><b>Sa\u00fade Materno Infantil<\/b><\/span><\/span><\/strong><\/a><\/td>\n<td style=\"width: 48.6854%; vertical-align: middle; border-style: solid; border-color: #c7c5c5; background-color: #faf8f5; height: 70px; text-align: center;\"><span style=\"font-size: 14pt;\"><span style=\"color: #e67a18;\"><b><a href=\"https:\/\/sites.enf.ufmg.br\/internato-enfermagem-aps\/acervo-digital\/saude-do-idoso\/\" target=\"_blank\" rel=\"noopener\">Sa\u00fade do Idoso<\/a><\/b><\/span><\/span><\/td>\n<\/tr>\n<tr style=\"height: 35px;\">\n<td style=\"width: 52.3787%; border-style: solid; border-color: #c7c5c5; background-color: #faf8f5; vertical-align: middle; height: 35px; text-align: center;\"><a href=\"https:\/\/sites.enf.ufmg.br\/internato-enfermagem-aps\/acervo-digital\/dcnt-e-habitos-de-vida\/\" target=\"_blank\" rel=\"noopener\"><span style=\"font-size: 14pt;\"><span style=\"color: #e67a18;\"><b>Doen\u00e7as Cr\u00f4nicas N\u00e3o Transmiss\u00edveis (DCNT) e H\u00e1bitos de Vida<\/b><\/span><\/span><\/a><\/td>\n<td style=\"width: 48.6854%; vertical-align: middle; border-style: solid; border-color: #c7c5c5; background-color: #faf8f5; height: 35px; text-align: center;\"><a href=\"https:\/\/sites.enf.ufmg.br\/internato-enfermagem-aps\/acervo-digital\/vacinacao\/\" target=\"_blank\" rel=\"noopener\"><span style=\"font-size: 14pt;\"><span style=\"color: #e67a18;\"><b><span style=\"color: #e67a18;\">Vacina\u00e7\u00e3o<\/span><\/b><\/span><\/span><\/a><\/td>\n<\/tr>\n<tr style=\"height: 70px;\">\n<td style=\"width: 52.3787%; border-style: solid; border-color: #c7c5c5; background-color: #faf8f5; vertical-align: middle; height: 70px; text-align: center;\"><a href=\"https:\/\/sites.enf.ufmg.br\/internato-enfermagem-aps\/acervo-digital\/orientacoes-para-o-agente-comunitario-de-saude\/\" target=\"_blank\" rel=\"noopener\"><span style=\"font-size: 14pt;\"><span style=\"color: #e67a18;\"><b><strong>Orienta\u00e7\u00f5es para o Agente Comunit\u00e1rio de Sa\u00fade<\/strong><\/b><\/span><\/span><\/a><\/td>\n<td style=\"width: 48.6854%; vertical-align: middle; border-style: solid; border-color: #c7c5c5; background-color: #faf8f5; height: 70px; text-align: center;\"><a href=\"https:\/\/sites.enf.ufmg.br\/internato-enfermagem-aps\/acervo-digital\/educacao-em-saude\/\" target=\"_blank\" rel=\"noopener\"><strong><span style=\"font-size: 14pt;\"><span style=\"color: #e67a18;\"><b>Educa\u00e7\u00e3o em Sa\u00fade<\/b><\/span><\/span><\/strong><\/a><\/td>\n<\/tr>\n<tr style=\"height: 70px;\">\n<td style=\"width: 52.3787%; border-style: solid; border-color: #c7c5c5; background-color: #faf8f5; vertical-align: middle; text-align: center; height: 70px;\"><a href=\"https:\/\/sites.enf.ufmg.br\/internato-enfermagem-aps\/acervo-digital\/assistencia-a-grupos-populacionais-tradicionais-e-especificos-gpte\/\" target=\"_blank\" rel=\"noopener\"><span style=\"font-size: 14pt;\"><span style=\"color: #e67a18;\"><b>Assist\u00eancia a Grupos Populacionais Tradicionais e Espec\u00edficos (GPTE)<\/b><\/span><\/span><\/a><\/td>\n<td style=\"width: 48.6854%; vertical-align: middle; border-style: solid; border-color: #c7c5c5; background-color: #faf8f5; text-align: center; height: 70px;\"><span style=\"font-size: 14pt;\"><span style=\"color: #e67a18;\"><b><span style=\"color: #e67a18;\">\u00a0<\/span><\/b><\/span><\/span><\/td>\n<\/tr>\n<\/tbody>\n<\/table>\n<p style=\"text-align: justify;\"><span style=\"font-size: 12pt;\"><a href=\"https:\/\/sites.enf.ufmg.br\/internato-enfermagem-aps\/acervo-digital\/gestao-e-acoes-na-rede\/\"><br \/>\n<\/a>\u00a0 \u00a0 \u00a0<\/span><\/p>\n<p>&nbsp;<\/p>\n<p>&nbsp;<\/p>\n<p><span style=\"font-size: 12pt;\">Demais acervos poder\u00e3o ser encontrados nos sites:<\/span><\/p>\n<p><span style=\"text-decoration: underline; font-size: 12pt;\"><span style=\"color: #ff6600; text-decoration: underline;\">-\u00a0<a style=\"color: #ff6600; text-decoration: underline;\" href=\"http:\/\/www.enf.ufmg.br\/index.php\/2016-06-27-17-09-21\/informacoes-sobre-coronavirus\" target=\"_blank\" rel=\"noopener\">Escola de Enfermagem da UFMG<\/a><\/span><\/span><\/p>\n<p><span style=\"text-decoration: underline; font-size: 12pt;\"><span style=\"color: #ff6600; text-decoration: underline;\">- <a style=\"color: #ff6600; text-decoration: underline;\" href=\"https:\/\/bvsalud.org\/vitrinas\/post_vitrines\/novo_coronavirus\/\" target=\"_blank\" rel=\"noopener\">Vitrine da Biblioteca Virtual de Sa\u00fade<\/a><\/span><\/span><\/p>\n<p><span style=\"text-decoration: underline; font-size: 12pt;\"><span style=\"color: #ff6600; text-decoration: underline;\">- <a style=\"color: #ff6600; text-decoration: underline;\" href=\"http:\/\/bvsenfermeria.bvsalud.org\/pt\/brasil\/\" target=\"_blank\" rel=\"noopener\">BVS Enfermagem<\/a><\/span><\/span><\/p>\n<p><span style=\"text-decoration: underline; font-size: 12pt;\"><span style=\"color: #ff6600; text-decoration: underline;\">- <a style=\"color: #ff6600; text-decoration: underline;\" href=\"https:\/\/bvsenfermeria.bvsalud.org\/vitrinas\/post_vitrines\/enfermagem-covid-19\/\" target=\"_blank\" rel=\"noopener\">Vitrine do Conhecimento - Enfermagem COVID-19 - BVS<\/a><\/span><\/span><\/p>\n<p><span style=\"text-decoration: underline;\"><span style=\"color: #ff6600; text-decoration: underline;\"><span style=\"font-size: 12pt;\">- <\/span><a style=\"color: #ff6600; text-decoration: underline;\" href=\"https:\/\/aps.saude.gov.br\/ape\/corona\" target=\"_blank\" rel=\"noopener\"><span style=\"font-size: 12pt;\">Secretaria de Aten\u00e7\u00e3o Prim\u00e1ria \u00e0 Sa\u00fade do Minist\u00e9rio da Sa\u00fade<\/span><\/a><\/span><\/span><\/p>\n<p><span style=\"text-decoration: underline;\"><span style=\"color: #ff6600; text-decoration: underline;\"><span style=\"font-size: 12pt;\">- Evid\u00eancias Cient\u00edficas <\/span><a style=\"color: #ff6600; text-decoration: underline;\" href=\"https:\/\/coronavirus.saude.gov.br\/profissional-gestor\" target=\"_blank\" rel=\"noopener\"><span style=\"font-size: 12pt;\">do Minist\u00e9rio da Sa\u00fade<\/span><\/a><\/span><\/span><\/p>\n<\/div>\n<\/div><\/div><\/div><\/div><\/div>","protected":false},"excerpt":{"rendered":"<p>A organiza\u00e7\u00e3o do acervo digital \u00e9 direcionada aos problemas enfrentados pelos munic\u00edpios parceiros. Foi dividido por \u00e1reas tem\u00e1ticas para facilitar o acesso. Dentro de cada pasta, ser\u00e1 poss\u00edvel encontrar artigos cient\u00edficos, protocolos cl\u00ednicos, resolu\u00e7\u00f5es, portarias, folhetos educativos, v\u00eddeos e entrevistas direcionados aos temas. Gest\u00e3o e A\u00e7\u00f5es na Rede Sa\u00fade do Trabalhador Vigil\u00e2ncia e Manejo Cl\u00ednico [&hellip;]<\/p>\n","protected":false},"author":1,"featured_media":0,"parent":0,"menu_order":0,"comment_status":"closed","ping_status":"closed","template":"","meta":{"footnotes":""},"jetpack_sharing_enabled":true,"_links":{"self":[{"href":"https:\/\/sites.enf.ufmg.br\/internato-enfermagem-aps\/wp-json\/wp\/v2\/pages\/113"}],"collection":[{"href":"https:\/\/sites.enf.ufmg.br\/internato-enfermagem-aps\/wp-json\/wp\/v2\/pages"}],"about":[{"href":"https:\/\/sites.enf.ufmg.br\/internato-enfermagem-aps\/wp-json\/wp\/v2\/types\/page"}],"author":[{"embeddable":true,"href":"https:\/\/sites.enf.ufmg.br\/internato-enfermagem-aps\/wp-json\/wp\/v2\/users\/1"}],"replies":[{"embeddable":true,"href":"https:\/\/sites.enf.ufmg.br\/internato-enfermagem-aps\/wp-json\/wp\/v2\/comments?post=113"}],"version-history":[{"count":15,"href":"https:\/\/sites.enf.ufmg.br\/internato-enfermagem-aps\/wp-json\/wp\/v2\/pages\/113\/revisions"}],"predecessor-version":[{"id":784,"href":"https:\/\/sites.enf.ufmg.br\/internato-enfermagem-aps\/wp-json\/wp\/v2\/pages\/113\/revisions\/784"}],"wp:attachment":[{"href":"https:\/\/sites.enf.ufmg.br\/internato-enfermagem-aps\/wp-json\/wp\/v2\/media?parent=113"}],"curies":[{"name":"wp","href":"https:\/\/api.w.org\/{rel}","templated":true}]}}