{"id":146,"date":"2020-06-25T15:28:21","date_gmt":"2020-06-25T18:28:21","guid":{"rendered":"https:\/\/sites.enf.ufmg.br\/internato-enfermagem-aps\/?page_id=146"},"modified":"2020-07-02T12:27:22","modified_gmt":"2020-07-02T15:27:22","slug":"boletins-epidemiologicos","status":"publish","type":"page","link":"https:\/\/sites.enf.ufmg.br\/internato-enfermagem-aps\/boletins-epidemiologicos\/","title":{"rendered":"Boletins Epidemiol\u00f3gicos"},"content":{"rendered":"<div id=\"pl-146\"  class=\"panel-layout\" ><div id=\"pg-146-0\"  class=\"panel-grid panel-no-style\" ><div id=\"pgc-146-0-0\"  class=\"panel-grid-cell\" ><div id=\"panel-146-0-0-0\" class=\"so-panel widget widget_sow-editor panel-first-child panel-last-child\" data-index=\"0\" ><div\n\t\t\t\n\t\t\tclass=\"so-widget-sow-editor so-widget-sow-editor-base\"\n\t\t\t\n\t\t>\n<div class=\"siteorigin-widget-tinymce textwidget\">\n\t<div id=\"attachment_358\" style=\"width: 160px\" class=\"wp-caption aligncenter\"><a href=\"https:\/\/who.maps.arcgis.com\/apps\/webappviewer\/index.html?id=2203b04c3a5f486685a15482a0d97a87&amp;extent=-18853893.9193{e35aac5d1997a23bf1889f65a8fad86096b67b8b74a5f2eaa72c33c27615ef44}2C-508973.7482{e35aac5d1997a23bf1889f65a8fad86096b67b8b74a5f2eaa72c33c27615ef44}2C-2103789.289{e35aac5d1997a23bf1889f65a8fad86096b67b8b74a5f2eaa72c33c27615ef44}2C8511818.5819{e35aac5d1997a23bf1889f65a8fad86096b67b8b74a5f2eaa72c33c27615ef44}2C102100\" target=\"_blank\" rel=\"noopener\"><img aria-describedby=\"caption-attachment-358\" decoding=\"async\" loading=\"lazy\" class=\"wp-image-358 size-full\" src=\"https:\/\/sites.enf.ufmg.br\/internato-enfermagem-aps\/wp-content\/uploads\/2020\/06\/who_logo-150x150-1.png\" alt=\"\" width=\"150\" height=\"150\" srcset=\"https:\/\/sites.enf.ufmg.br\/internato-enfermagem-aps\/wp-content\/uploads\/2020\/06\/who_logo-150x150-1.png 150w, https:\/\/sites.enf.ufmg.br\/internato-enfermagem-aps\/wp-content\/uploads\/2020\/06\/who_logo-150x150-1-1x1.png 1w\" sizes=\"(max-width: 150px) 100vw, 150px\" \/><\/a><p id=\"caption-attachment-358\" class=\"wp-caption-text\">Organiza\u00e7\u00e3o Mundial da Sa\u00fade<\/p><\/div>\n<div id=\"attachment_359\" style=\"width: 160px\" class=\"wp-caption aligncenter\"><a href=\"https:\/\/covid.saude.gov.br\/\" target=\"_blank\" rel=\"noopener\"><img aria-describedby=\"caption-attachment-359\" decoding=\"async\" loading=\"lazy\" class=\"wp-image-359 size-full\" src=\"https:\/\/sites.enf.ufmg.br\/internato-enfermagem-aps\/wp-content\/uploads\/2020\/06\/ms_logo-150x150-1.jpg\" alt=\"\" width=\"150\" height=\"150\" srcset=\"https:\/\/sites.enf.ufmg.br\/internato-enfermagem-aps\/wp-content\/uploads\/2020\/06\/ms_logo-150x150-1.jpg 150w, https:\/\/sites.enf.ufmg.br\/internato-enfermagem-aps\/wp-content\/uploads\/2020\/06\/ms_logo-150x150-1-1x1.jpg 1w\" sizes=\"(max-width: 150px) 100vw, 150px\" \/><\/a><p id=\"caption-attachment-359\" class=\"wp-caption-text\">Minist\u00e9rio da Sa\u00fade do Brasil<\/p><\/div>\n<div class=\"mceTemp\"><\/div>\n<\/div>\n<\/div><\/div><\/div><div id=\"pgc-146-0-1\"  class=\"panel-grid-cell\" ><div id=\"panel-146-0-1-0\" class=\"so-panel widget widget_sow-editor panel-first-child panel-last-child\" data-index=\"1\" ><div\n\t\t\t\n\t\t\tclass=\"so-widget-sow-editor so-widget-sow-editor-base\"\n\t\t\t\n\t\t>\n<div class=\"siteorigin-widget-tinymce textwidget\">\n\t<div id=\"attachment_360\" style=\"width: 160px\" class=\"wp-caption aligncenter\"><a href=\"https:\/\/www.saude.mg.gov.br\/coronavirus\/boletim\" target=\"_blank\" rel=\"noopener\"><img aria-describedby=\"caption-attachment-360\" decoding=\"async\" loading=\"lazy\" class=\"wp-image-360 size-full\" src=\"https:\/\/sites.enf.ufmg.br\/internato-enfermagem-aps\/wp-content\/uploads\/2020\/06\/saude_logo-150x150-1.png\" alt=\"\" width=\"150\" height=\"150\" srcset=\"https:\/\/sites.enf.ufmg.br\/internato-enfermagem-aps\/wp-content\/uploads\/2020\/06\/saude_logo-150x150-1.png 150w, https:\/\/sites.enf.ufmg.br\/internato-enfermagem-aps\/wp-content\/uploads\/2020\/06\/saude_logo-150x150-1-1x1.png 1w\" sizes=\"(max-width: 150px) 100vw, 150px\" \/><\/a><p id=\"caption-attachment-360\" class=\"wp-caption-text\">Secretaria de Estado de Sa\u00fade de Minas Gerais<\/p><\/div>\n<div id=\"attachment_442\" style=\"width: 310px\" class=\"wp-caption alignnone\"><a href=\"http:\/\/observatoriodaenfermagem.cofen.gov.br\/\" target=\"_blank\" rel=\"noopener\"><img aria-describedby=\"caption-attachment-442\" decoding=\"async\" loading=\"lazy\" class=\"wp-image-442 size-medium\" src=\"https:\/\/sites.enf.ufmg.br\/internato-enfermagem-aps\/wp-content\/uploads\/2020\/07\/obsenf_cofen-300x92.jpg\" alt=\"\" width=\"300\" height=\"92\" srcset=\"https:\/\/sites.enf.ufmg.br\/internato-enfermagem-aps\/wp-content\/uploads\/2020\/07\/obsenf_cofen-300x92.jpg 300w, https:\/\/sites.enf.ufmg.br\/internato-enfermagem-aps\/wp-content\/uploads\/2020\/07\/obsenf_cofen-3x1.jpg 3w, https:\/\/sites.enf.ufmg.br\/internato-enfermagem-aps\/wp-content\/uploads\/2020\/07\/obsenf_cofen.jpg 488w\" sizes=\"(max-width: 300px) 100vw, 300px\" \/><\/a><p id=\"caption-attachment-442\" class=\"wp-caption-text\">Observat\u00f3rio de Enfermagem - COFEN<\/p><\/div>\n<div class=\"mceTemp\"><\/div>\n<\/div>\n<\/div><\/div><\/div><\/div><\/div>","protected":false},"excerpt":{"rendered":"<p>Organiza\u00e7\u00e3o Mundial da Sa\u00fade Minist\u00e9rio da Sa\u00fade do Brasil Secretaria de Estado de Sa\u00fade de Minas Gerais Observat\u00f3rio de Enfermagem &#8211; COFEN<\/p>\n","protected":false},"author":1,"featured_media":0,"parent":0,"menu_order":0,"comment_status":"closed","ping_status":"closed","template":"","meta":{"footnotes":""},"jetpack_sharing_enabled":true,"_links":{"self":[{"href":"https:\/\/sites.enf.ufmg.br\/internato-enfermagem-aps\/wp-json\/wp\/v2\/pages\/146"}],"collection":[{"href":"https:\/\/sites.enf.ufmg.br\/internato-enfermagem-aps\/wp-json\/wp\/v2\/pages"}],"about":[{"href":"https:\/\/sites.enf.ufmg.br\/internato-enfermagem-aps\/wp-json\/wp\/v2\/types\/page"}],"author":[{"embeddable":true,"href":"https:\/\/sites.enf.ufmg.br\/internato-enfermagem-aps\/wp-json\/wp\/v2\/users\/1"}],"replies":[{"embeddable":true,"href":"https:\/\/sites.enf.ufmg.br\/internato-enfermagem-aps\/wp-json\/wp\/v2\/comments?post=146"}],"version-history":[{"count":10,"href":"https:\/\/sites.enf.ufmg.br\/internato-enfermagem-aps\/wp-json\/wp\/v2\/pages\/146\/revisions"}],"predecessor-version":[{"id":449,"href":"https:\/\/sites.enf.ufmg.br\/internato-enfermagem-aps\/wp-json\/wp\/v2\/pages\/146\/revisions\/449"}],"wp:attachment":[{"href":"https:\/\/sites.enf.ufmg.br\/internato-enfermagem-aps\/wp-json\/wp\/v2\/media?parent=146"}],"curies":[{"name":"wp","href":"https:\/\/api.w.org\/{rel}","templated":true}]}}