{"id":152,"date":"2020-06-25T15:30:06","date_gmt":"2020-06-25T18:30:06","guid":{"rendered":"https:\/\/sites.enf.ufmg.br\/internato-enfermagem-aps\/?page_id=152"},"modified":"2020-09-04T15:00:40","modified_gmt":"2020-09-04T18:00:40","slug":"cursos-online","status":"publish","type":"page","link":"https:\/\/sites.enf.ufmg.br\/internato-enfermagem-aps\/cursos-online\/","title":{"rendered":"Cursos Online"},"content":{"rendered":"<div id=\"pl-152\"  class=\"panel-layout\" ><div id=\"pg-152-0\"  class=\"panel-grid panel-no-style\" ><div id=\"pgc-152-0-0\"  class=\"panel-grid-cell\" ><div id=\"panel-152-0-0-0\" class=\"so-panel widget widget_sow-editor panel-first-child panel-last-child\" data-index=\"0\" ><div\n\t\t\t\n\t\t\tclass=\"so-widget-sow-editor so-widget-sow-editor-base\"\n\t\t\t\n\t\t>\n<div class=\"siteorigin-widget-tinymce textwidget\">\n\t<table style=\"height: 1441px; font-family: 'Open Sans', sans-serif; font-size: 1.4rem; width: 99.7925%; background-color: #faf8f5;\" width=\"99.7925%\">\n<tbody>\n<tr>\n<td style=\"background-color: #faf8f5; width: 99.7831%;\"><strong> Curso de qualifica\u00e7\u00e3o<br \/>\nIntrodu\u00e7\u00e3o \u00e0 avalia\u00e7\u00e3o em Sa\u00fade (Foco em Aten\u00e7\u00e3o B\u00e1sica)<br \/>\nDura\u00e7\u00e3o: 60h<br \/>\nOfertado por: UFSP - Inscri\u00e7\u00f5es: clicando <a href=\"https:\/\/www.unasus.gov.br\/cursos\/curso\/44583\" target=\"_blank\" rel=\"noopener\"><span style=\"text-decoration: underline; color: #ff0000;\">aqui<\/span><\/a><\/strong><\/td>\n<\/tr>\n<tr>\n<td style=\"background-color: #faf8f5; width: 99.7831%;\"><strong>Curso de capacita\u00e7\u00e3o<br \/>\nCurso Autoinstrucional de Enfrentamento da COVID-19 no Sistema Prisional<br \/>\nDura\u00e7\u00e3o: 15h<br \/>\nOfertado por: FIOCRUZ - Inscri\u00e7\u00f5es:\u00a0clicando <a href=\"https:\/\/campusvirtual.fiocruz.br\/portal\/?q=node\/59553\" target=\"_blank\" rel=\"noopener\"><span style=\"text-decoration: underline; color: #ff0000;\">aqui<\/span><\/a><\/strong><\/td>\n<\/tr>\n<tr style=\"height: 60px;\">\n<td style=\"background-color: #faf8f5; height: 105px; width: 99.7831%;\" width=\"578\"><strong>Curso de auto-aprendizagem<\/strong><br \/>\n<strong>Doen\u00e7as ocasionadas por v\u00edrus respirat\u00f3rios emergentes, incluindo o COVID-19<\/strong><br \/>\n<strong>Dura\u00e7\u00e3o:<\/strong> 4h<br \/>\n<strong>Ofertado por:<\/strong> OMS - <strong>Inscri\u00e7\u00f5es:<\/strong>\u00a0clicando <a href=\"https:\/\/www.campusvirtualsp.org\/es\/node\/28833\/\" target=\"_blank\" rel=\"noopener\"><span style=\"text-decoration: underline; color: #ff0000;\">aqui<\/span><\/a><\/td>\n<\/tr>\n<tr style=\"height: 111px;\">\n<td style=\"background-color: #faf8f5; width: 99.7831%; height: 74px;\"><strong>Curso de auto-aprendizageordagem dos Problemas Respirat\u00f3rios no Adulto Comuns na Aten\u00e7\u00e3o B\u00e1sica - Enfermagem<br \/>\nCarga hor\u00e1ria: <\/strong>45h<strong><br \/>\nOfertado por: <\/strong>UFP -<strong> Inscri\u00e7\u00f5es at\u00e9: <\/strong>31\/07\/2020, clicando <a href=\"https:\/\/www.unasus.gov.br\/cursos\/curso\/45383\" target=\"_blank\" rel=\"noopener\"><span style=\"text-decoration: underline; color: #ff0000;\">aqui<\/span><\/a><\/td>\n<\/tr>\n<tr style=\"height: 60px;\">\n<td style=\"height: 10px; width: 99.7831%;\" width=\"578\"><strong>Curso de atualiza\u00e7\u00e3o<br \/>\n<\/strong><strong>Cuidados Cl\u00ednicos na S\u00edndrome Respirat\u00f3ria Aguda Grave - 2020 (COVID-19)<\/strong><br \/>\n<strong>Dura\u00e7\u00e3o:<\/strong> 10h<br \/>\n<strong>Ofertado por:<\/strong> OMS - <strong>Inscri\u00e7\u00f5es at\u00e9: <\/strong>clicando <a href=\"https:\/\/www.campusvirtualsp.org\/pt-br\/curso\/cuidados-clinicos-na-sindrome-respiratoria-aguda-grave-2020-covid-19\" target=\"_blank\" rel=\"noopener\"><span style=\"text-decoration: underline;\"><span style=\"color: #ff0000; text-decoration: underline;\">aqui<\/span><\/span><\/a><\/td>\n<\/tr>\n<tr style=\"height: 104px;\">\n<td style=\"width: 99.7831%; height: 104px;\"><strong>Curso de atualiza\u00e7\u00e3o<\/strong><br \/>\n<strong>Orienta\u00e7\u00f5es Gerais ao Paciente com COVID-19 na Aten\u00e7\u00e3o Prim\u00e1ria \u00e0 Sa\u00fade<\/strong><br \/>\n<strong>Dura\u00e7\u00e3o:<\/strong> 15h<br \/>\n<strong>Ofertado por:<\/strong> UFMA - <strong>Inscri\u00e7\u00f5es at\u00e9: <\/strong>31\/12\/2020, clicando <a href=\"https:\/\/www.unasus.gov.br\/cursos\/curso\/46168?utm_campaign=COVID-19{e35aac5d1997a23bf1889f65a8fad86096b67b8b74a5f2eaa72c33c27615ef44}20-{e35aac5d1997a23bf1889f65a8fad86096b67b8b74a5f2eaa72c33c27615ef44}20Maio{e35aac5d1997a23bf1889f65a8fad86096b67b8b74a5f2eaa72c33c27615ef44}202020&amp;utm_content=Contatos{e35aac5d1997a23bf1889f65a8fad86096b67b8b74a5f2eaa72c33c27615ef44}202018&amp;utm_medium=email&amp;utm_source=Elastic{e35aac5d1997a23bf1889f65a8fad86096b67b8b74a5f2eaa72c33c27615ef44}20Email\" target=\"_blank\" rel=\"noopener\"><span style=\"text-decoration: underline;\"><span style=\"color: #ff0000; text-decoration: underline;\">aqui<\/span><\/span><\/a><\/td>\n<\/tr>\n<tr style=\"height: 104px;\">\n<td style=\"width: 99.7831%; height: 104px;\"><strong>Curso de Qualifica\u00e7\u00e3o<\/strong><br \/>\n<strong>Manejo Cl\u00ednico da COVID-19 na Aten\u00e7\u00e3o Prim\u00e1ria \u00e0 Sa\u00fade<\/strong><br \/>\n<strong>Dura\u00e7\u00e3o:<\/strong> 18h<br \/>\n<strong>Ofertado por:<\/strong> FIOCRUZ - Bras\u00edlia - <strong>Inscri\u00e7\u00f5es at\u00e9: <\/strong>31\/12\/2020, clicando <a href=\"https:\/\/www.unasus.gov.br\/cursos\/curso\/46171\" target=\"_blank\" rel=\"noopener\"><span style=\"text-decoration: underline;\"><span style=\"color: #ff0000; text-decoration: underline;\">aqui<\/span><\/span><\/a><\/td>\n<\/tr>\n<tr style=\"height: 104px;\">\n<td style=\"width: 99.7831%; height: 104px;\"><strong>Curso de Qualifica\u00e7\u00e3o<\/strong><br \/>\n<strong>Protocolo Cl\u00ednico da COVID-19 na Aten\u00e7\u00e3o Prim\u00e1ria \u00e0 Sa\u00fade<\/strong><br \/>\n<strong>Dura\u00e7\u00e3o:<\/strong> 20h<br \/>\n<strong>Ofertado por:<\/strong> UFPI - <strong>Inscri\u00e7\u00f5es at\u00e9: <\/strong>01\/12\/2020, clicando <a href=\"https:\/\/www.unasus.gov.br\/cursos\/curso\/46262\" target=\"_blank\" rel=\"noopener\"><span style=\"text-decoration: underline;\"><span style=\"color: #ff0000; text-decoration: underline;\">aqui<\/span><\/span><\/a><\/td>\n<\/tr>\n<tr style=\"height: 104px;\">\n<td style=\"width: 99.7831%; height: 104px;\"><strong>Curso de Qualifica\u00e7\u00e3o<\/strong><br \/>\n<strong>Orienta\u00e7\u00f5es sobre a COVID-19 na Aten\u00e7\u00e3o Especializada<\/strong><br \/>\n<strong>Dura\u00e7\u00e3o:<\/strong> 15h<br \/>\n<strong>Ofertado por:<\/strong> UFSC - <strong>Inscri\u00e7\u00f5es at\u00e9: <\/strong>31\/12\/2020, clicando <a href=\"https:\/\/www.unasus.gov.br\/cursos\/curso\/46162?utm_campaign=COVID-19{e35aac5d1997a23bf1889f65a8fad86096b67b8b74a5f2eaa72c33c27615ef44}20-{e35aac5d1997a23bf1889f65a8fad86096b67b8b74a5f2eaa72c33c27615ef44}20Maio{e35aac5d1997a23bf1889f65a8fad86096b67b8b74a5f2eaa72c33c27615ef44}202020&amp;utm_content=Contatos{e35aac5d1997a23bf1889f65a8fad86096b67b8b74a5f2eaa72c33c27615ef44}202018&amp;utm_medium=email&amp;utm_source=Elastic{e35aac5d1997a23bf1889f65a8fad86096b67b8b74a5f2eaa72c33c27615ef44}20Email\" target=\"_blank\" rel=\"noopener\"><span style=\"text-decoration: underline;\"><span style=\"color: #ff0000; text-decoration: underline;\">aqui<\/span><\/span><\/a><\/td>\n<\/tr>\n<tr style=\"height: 104px;\">\n<td style=\"width: 99.7831%; height: 104px;\"><strong>Curso de Atualiza\u00e7\u00e3o<\/strong><br \/>\n<strong>Manejo cl\u00ednico da COVID-19 na Aten\u00e7\u00e3o Especializada<\/strong><br \/>\n<strong>Dura\u00e7\u00e3o:<\/strong> 15h<br \/>\n<strong>Ofertado por:<\/strong> UFMG - <strong>Inscri\u00e7\u00f5es at\u00e9: <\/strong>31\/12\/2020, clicando <a href=\"https:\/\/www.unasus.gov.br\/cursos\/curso\/46172\" target=\"_blank\" rel=\"noopener\"><span style=\"text-decoration: underline;\"><span style=\"color: #ff0000; text-decoration: underline;\">aqui<\/span><\/span><\/a><\/td>\n<\/tr>\n<tr style=\"height: 104px;\">\n<td style=\"width: 99.7831%; height: 104px;\"><strong>Curso de Qualifica\u00e7\u00e3o<\/strong><br \/>\n<strong>Medidas de prote\u00e7\u00e3o no manejo da COVID-19 na Aten\u00e7\u00e3o Especializada<\/strong><br \/>\n<strong>Dura\u00e7\u00e3o:<\/strong> 15h<br \/>\n<strong>Ofertado por:<\/strong> UFSC - <strong>Inscri\u00e7\u00f5es at\u00e9: <\/strong>31\/12\/2020, clicando <a href=\"https:\/\/www.unasus.gov.br\/cursos\/curso\/46163?utm_campaign=COVID-19{e35aac5d1997a23bf1889f65a8fad86096b67b8b74a5f2eaa72c33c27615ef44}20-{e35aac5d1997a23bf1889f65a8fad86096b67b8b74a5f2eaa72c33c27615ef44}20Maio{e35aac5d1997a23bf1889f65a8fad86096b67b8b74a5f2eaa72c33c27615ef44}202020&amp;utm_content=Contatos{e35aac5d1997a23bf1889f65a8fad86096b67b8b74a5f2eaa72c33c27615ef44}202018&amp;utm_medium=email&amp;utm_source=Elastic{e35aac5d1997a23bf1889f65a8fad86096b67b8b74a5f2eaa72c33c27615ef44}20Email\" target=\"_blank\" rel=\"noopener\"><span style=\"text-decoration: underline;\"><span style=\"color: #ff0000; text-decoration: underline;\">aqui<\/span><\/span><\/a><\/td>\n<\/tr>\n<tr style=\"height: 104px;\">\n<td style=\"width: 99.7831%; height: 104px;\"><strong>Curso de Qualifica\u00e7\u00e3o<\/strong><br \/>\n<strong>Preven\u00e7\u00e3o e controle de infec\u00e7\u00f5es (PCI) causadas pelo novo coronav\u00edrus (COVID-19)<\/strong><br \/>\n<strong>Dura\u00e7\u00e3o:<\/strong> 5h<br \/>\n<strong>Ofertado por<\/strong>: FIOCRUZ - Bras\u00edlia -\u00a0 <strong>Inscri\u00e7\u00f5es at\u00e9: <\/strong>31\/12\/2020, clicando <a href=\"https:\/\/www.unasus.gov.br\/cursos\/curso\/46170\" target=\"_blank\" rel=\"noopener\"><span style=\"text-decoration: underline;\"><span style=\"color: #ff0000; text-decoration: underline;\">aqui<\/span><\/span><\/a><\/td>\n<\/tr>\n<tr style=\"height: 130px;\">\n<td style=\"width: 99.7831%; height: 88px;\"><strong>Curso de Atualiza\u00e7\u00e3o<\/strong><br \/>\n<strong>Inclus\u00e3o e conhecimento para enfrentamento do coronav\u00edrus<\/strong><br \/>\n<strong>Ofertado por:<\/strong> Faculdade de Medicina da UFMG<br \/>\n<strong>Inscri\u00e7\u00f5es at\u00e9:<\/strong> julho, clicando <span style=\"text-decoration: underline;\"><span style=\"color: #ff0000;\"><a style=\"color: #ff0000; text-decoration: underline;\" href=\"https:\/\/docs.google.com\/forms\/d\/e\/1FAIpQLSe8IsC80mFkNCYO_QTiyz_z2CRTz1MZwoeSdR-MQ81uMHDNRg\/viewform\" target=\"_blank\" rel=\"noopener\">aqui<\/a><\/span><\/span><\/td>\n<\/tr>\n<tr style=\"height: 104px;\">\n<td style=\"width: 99.7831%; height: 46px;\"><strong>Curso de Capacita\u00e7\u00e3o<\/strong><br \/>\n<strong>Evitando epidemia SARS-CoV2: Capacita\u00e7\u00e3o para profissionais de sa\u00fade e acad\u00eamicos da \u00e1rea da sa\u00fade UFMG para Tirar D\u00favidas da Popula\u00e7\u00e3o.<\/strong><br \/>\n<strong>Informa\u00e7\u00f5es em:<\/strong> ufmgxcovid19@gmail.com e clicando <a href=\"https:\/\/drive.google.com\/file\/d\/1uI9LtedoHAT3qT-VzJ-k_1qGo931GAcJ\/view\" target=\"_blank\" rel=\"noopener\"><span style=\"text-decoration: underline; color: #ff0000;\">aqui<\/span><\/a>.<\/td>\n<\/tr>\n<tr style=\"height: 78px;\">\n<td style=\"width: 99.7831%; height: 78px;\"><strong>Curso de Aperfei\u00e7oamento<\/strong><br \/>\n<strong>Covid-19: Abordagem interdisciplinar dos ciclos de vida nos n\u00edveis de aten\u00e7\u00e3o \u00e0 sa\u00fade.<\/strong><br \/>\n<strong>Informa\u00e7\u00f5es em:<\/strong> cursoufmgcovidsaudeeduc@gmail.com e clicando <a href=\"https:\/\/drive.google.com\/file\/d\/1FLFvx2c0iEjJo1Gk1LcBAWfY_lZIG7JX\/view\" target=\"_blank\" rel=\"noopener\"><span style=\"text-decoration: underline; color: #ff0000;\">aqui<\/span><\/a>.<\/td>\n<\/tr>\n<tr style=\"height: 78px;\">\n<td style=\"width: 99.7831%; height: 78px;\"><strong>Curso de Capacita\u00e7\u00e3o<\/strong><br \/>\n<strong>Curso de capacita\u00e7\u00e3o para enfrentamento do COVID-19 para auxiliares em sa\u00fade e educadores.<\/strong><br \/>\n<strong>Informa\u00e7\u00f5es em:<\/strong> cursoufmgcovidsaudeeduc@gmail.com e clicando <a href=\"https:\/\/drive.google.com\/file\/d\/1Xv9Y_vCcJ2TZuZijxzwFVZJlN95oT7VL\/view\" target=\"_blank\" rel=\"noopener\"><span style=\"text-decoration: underline; color: #ff0000;\">aqui<\/span><\/a>.<\/td>\n<\/tr>\n<tr style=\"height: 78px;\">\n<td style=\"width: 99.7831%; height: 78px;\"><strong>Curso de Capacita\u00e7\u00e3o<br \/>\nCurso Acessibilidade e os princ\u00edpios do SUS: Forma\u00e7\u00e3o b\u00e1sica para trabalhadores da Sa\u00fade.<br \/>\nOfertado por:<\/strong> Campus Virtual Fiocruz - <strong>Inscri\u00e7\u00f5es at\u00e9: <\/strong>18\/06\/2021, clicando <a href=\"https:\/\/campusvirtual.fiocruz.br\/gestordecursos\/hotsite\/acessibilidade_sus\/apresentaaao\/2592\" target=\"_blank\" rel=\"noopener\"><span style=\"text-decoration: underline; color: #ff0000;\">aqui<\/span><\/a>.<\/td>\n<\/tr>\n<tr style=\"height: 78px;\">\n<td style=\"width: 99.7831%; height: 78px;\"><strong>Curso de Atualiza\u00e7\u00e3o<br \/>\nCurso O Novo Coronav\u00edrus e a COVID-19.<br \/>\nOfertado por: <\/strong>UFM<strong> - Inscri\u00e7\u00f5es at\u00e9: <\/strong>31\/12\/2020, clicando <a href=\"https:\/\/www.unasus.gov.br\/cursos\/curso\/46169\" target=\"_blank\" rel=\"noopener\"><span style=\"text-decoration: underline; color: #ff0000;\">aqui<\/span><\/a>.<\/td>\n<\/tr>\n<tr style=\"height: 78px;\">\n<td style=\"width: 99.7831%; height: 78px;\"><strong>Curso de Atualiza\u00e7\u00e3o<br \/>\nCurso Sa\u00fade Mental e Psicossocial na COVID-19.<br \/>\nOfertado por: <\/strong>Funda\u00e7\u00e3o Oswaldo Cruz<strong> - Inscri\u00e7\u00f5es at\u00e9: <\/strong>30\/11\/2020, clicando <a href=\"https:\/\/www.unasus.gov.br\/cursos\/curso\/46241\" target=\"_blank\" rel=\"noopener\"><span style=\"text-decoration: underline; color: #ff0000;\">aqui<\/span><\/a>.<\/td>\n<\/tr>\n<\/tbody>\n<\/table>\n<p>&nbsp;<\/p>\n<\/div>\n<\/div><\/div><\/div><\/div><\/div>","protected":false},"excerpt":{"rendered":"<p>Curso de qualifica\u00e7\u00e3o Introdu\u00e7\u00e3o \u00e0 avalia\u00e7\u00e3o em Sa\u00fade (Foco em Aten\u00e7\u00e3o B\u00e1sica) Dura\u00e7\u00e3o: 60h Ofertado por: UFSP &#8211; Inscri\u00e7\u00f5es: clicando aqui Curso de capacita\u00e7\u00e3o Curso Autoinstrucional de Enfrentamento da COVID-19 no Sistema Prisional Dura\u00e7\u00e3o: 15h Ofertado por: FIOCRUZ &#8211; Inscri\u00e7\u00f5es:\u00a0clicando aqui Curso de auto-aprendizagem Doen\u00e7as ocasionadas por v\u00edrus respirat\u00f3rios emergentes, incluindo o COVID-19 Dura\u00e7\u00e3o: 4h [&hellip;]<\/p>\n","protected":false},"author":1,"featured_media":0,"parent":0,"menu_order":0,"comment_status":"closed","ping_status":"closed","template":"","meta":{"footnotes":""},"jetpack_sharing_enabled":true,"_links":{"self":[{"href":"https:\/\/sites.enf.ufmg.br\/internato-enfermagem-aps\/wp-json\/wp\/v2\/pages\/152"}],"collection":[{"href":"https:\/\/sites.enf.ufmg.br\/internato-enfermagem-aps\/wp-json\/wp\/v2\/pages"}],"about":[{"href":"https:\/\/sites.enf.ufmg.br\/internato-enfermagem-aps\/wp-json\/wp\/v2\/types\/page"}],"author":[{"embeddable":true,"href":"https:\/\/sites.enf.ufmg.br\/internato-enfermagem-aps\/wp-json\/wp\/v2\/users\/1"}],"replies":[{"embeddable":true,"href":"https:\/\/sites.enf.ufmg.br\/internato-enfermagem-aps\/wp-json\/wp\/v2\/comments?post=152"}],"version-history":[{"count":27,"href":"https:\/\/sites.enf.ufmg.br\/internato-enfermagem-aps\/wp-json\/wp\/v2\/pages\/152\/revisions"}],"predecessor-version":[{"id":863,"href":"https:\/\/sites.enf.ufmg.br\/internato-enfermagem-aps\/wp-json\/wp\/v2\/pages\/152\/revisions\/863"}],"wp:attachment":[{"href":"https:\/\/sites.enf.ufmg.br\/internato-enfermagem-aps\/wp-json\/wp\/v2\/media?parent=152"}],"curies":[{"name":"wp","href":"https:\/\/api.w.org\/{rel}","templated":true}]}}