{"id":154,"date":"2020-06-25T15:30:38","date_gmt":"2020-06-25T18:30:38","guid":{"rendered":"https:\/\/sites.enf.ufmg.br\/internato-enfermagem-aps\/?page_id=154"},"modified":"2020-09-04T14:51:31","modified_gmt":"2020-09-04T17:51:31","slug":"eventos","status":"publish","type":"page","link":"https:\/\/sites.enf.ufmg.br\/internato-enfermagem-aps\/eventos\/","title":{"rendered":"Eventos"},"content":{"rendered":"<div id=\"pl-154\"  class=\"panel-layout\" ><div id=\"pg-154-0\"  class=\"panel-grid panel-no-style\" ><div id=\"pgc-154-0-0\"  class=\"panel-grid-cell\" ><div id=\"panel-154-0-0-0\" class=\"so-panel widget widget_sow-editor panel-first-child panel-last-child\" data-index=\"0\" ><div\n\t\t\t\n\t\t\tclass=\"so-widget-sow-editor so-widget-sow-editor-base\"\n\t\t\t\n\t\t>\n<div class=\"siteorigin-widget-tinymce textwidget\">\n\t<div id=\"pg-144-0\" class=\"panel-grid panel-no-style\">\n<div id=\"pgc-144-0-0\" class=\"panel-grid-cell\" data-weight=\"1\">\n<div data-index=\"0\" data-style=\"{&quot;background_image_attachment&quot;:false,&quot;background_display&quot;:&quot;tile&quot;,&quot;link_color&quot;:&quot;#e67a18&quot;}\"><strong style=\"font-size: 12pt;\">Instituto Brasileiro para Seguran\u00e7a do Paciente\u00a0<\/strong><\/div>\n<\/div>\n<\/div>\n<div data-index=\"0\" data-style=\"{&quot;background_image_attachment&quot;:false,&quot;background_display&quot;:&quot;tile&quot;,&quot;link_color&quot;:&quot;#e67a18&quot;}\"><\/div>\n<div data-index=\"0\" data-style=\"{&quot;background_image_attachment&quot;:false,&quot;background_display&quot;:&quot;tile&quot;,&quot;link_color&quot;:&quot;#e67a18&quot;}\"><span style=\"font-size: 12pt;\">O Fator Humano na Avia\u00e7\u00e3o: Quais li\u00e7\u00f5es os profissionais de sa\u00fade podem aprender com a \u00e1rea de seguran\u00e7a da avia\u00e7\u00e3o<\/span><span style=\"font-size: 12pt;\">.<\/span><\/div>\n<div data-index=\"0\" data-style=\"{&quot;background_image_attachment&quot;:false,&quot;background_display&quot;:&quot;tile&quot;,&quot;link_color&quot;:&quot;#e67a18&quot;}\">Dia: 15\/09\/2020<\/div>\n<div data-index=\"0\" data-style=\"{&quot;background_image_attachment&quot;:false,&quot;background_display&quot;:&quot;tile&quot;,&quot;link_color&quot;:&quot;#e67a18&quot;}\">Hora: 20h<\/div>\n<div data-index=\"0\" data-style=\"{&quot;background_image_attachment&quot;:false,&quot;background_display&quot;:&quot;tile&quot;,&quot;link_color&quot;:&quot;#e67a18&quot;}\">Inscri\u00e7\u00f5es <span style=\"text-decoration: underline;\"><span style=\"color: #ff0000; text-decoration: underline;\"><a style=\"color: #ff0000; text-decoration: underline;\" href=\"https:\/\/www.segurancadopaciente.com.br\/dia-mundial-da-seguranca-do-paciente\/\" target=\"_blank\" rel=\"noopener\">aqui<\/a><\/span><\/span>.<\/div>\n<div data-index=\"0\" data-style=\"{&quot;background_image_attachment&quot;:false,&quot;background_display&quot;:&quot;tile&quot;,&quot;link_color&quot;:&quot;#e67a18&quot;}\"><\/div>\n<div data-index=\"0\" data-style=\"{&quot;background_image_attachment&quot;:false,&quot;background_display&quot;:&quot;tile&quot;,&quot;link_color&quot;:&quot;#e67a18&quot;}\">\n<div data-index=\"0\" data-style=\"{&quot;background_image_attachment&quot;:false,&quot;background_display&quot;:&quot;tile&quot;,&quot;link_color&quot;:&quot;#e67a18&quot;}\"><span style=\"font-size: 12pt;\">Live: \"Unite for Safe Care\"<\/span><span style=\"font-size: 12pt;\">.<\/span><\/div>\n<div data-index=\"0\" data-style=\"{&quot;background_image_attachment&quot;:false,&quot;background_display&quot;:&quot;tile&quot;,&quot;link_color&quot;:&quot;#e67a18&quot;}\">Dia: 17\/09\/2020<\/div>\n<div data-index=\"0\" data-style=\"{&quot;background_image_attachment&quot;:false,&quot;background_display&quot;:&quot;tile&quot;,&quot;link_color&quot;:&quot;#e67a18&quot;}\">Hora: 18h<\/div>\n<div data-index=\"0\" data-style=\"{&quot;background_image_attachment&quot;:false,&quot;background_display&quot;:&quot;tile&quot;,&quot;link_color&quot;:&quot;#e67a18&quot;}\">Inscri\u00e7\u00f5es <span style=\"text-decoration: underline;\"><span style=\"color: #ff0000; text-decoration: underline;\"><a style=\"color: #ff0000; text-decoration: underline;\" href=\"https:\/\/www.segurancadopaciente.com.br\/dia-mundial-da-seguranca-do-paciente\/\" target=\"_blank\" rel=\"noopener\">aqui<\/a><\/span><\/span>.<\/div>\n<\/div>\n<div data-index=\"0\" data-style=\"{&quot;background_image_attachment&quot;:false,&quot;background_display&quot;:&quot;tile&quot;,&quot;link_color&quot;:&quot;#e67a18&quot;}\"><\/div>\n<div data-index=\"0\" data-style=\"{&quot;background_image_attachment&quot;:false,&quot;background_display&quot;:&quot;tile&quot;,&quot;link_color&quot;:&quot;#e67a18&quot;}\">\n<div data-index=\"0\" data-style=\"{&quot;background_image_attachment&quot;:false,&quot;background_display&quot;:&quot;tile&quot;,&quot;link_color&quot;:&quot;#e67a18&quot;}\"><span style=\"font-size: 12pt;\">Abordagem \u00e0 segunda v\u00edtima de evento adverso<\/span><span style=\"font-size: 12pt;\">.<\/span><\/div>\n<div data-index=\"0\" data-style=\"{&quot;background_image_attachment&quot;:false,&quot;background_display&quot;:&quot;tile&quot;,&quot;link_color&quot;:&quot;#e67a18&quot;}\">Dia: 22\/09\/2020<\/div>\n<div data-index=\"0\" data-style=\"{&quot;background_image_attachment&quot;:false,&quot;background_display&quot;:&quot;tile&quot;,&quot;link_color&quot;:&quot;#e67a18&quot;}\">Hora: 20h<\/div>\n<div data-index=\"0\" data-style=\"{&quot;background_image_attachment&quot;:false,&quot;background_display&quot;:&quot;tile&quot;,&quot;link_color&quot;:&quot;#e67a18&quot;}\">Inscri\u00e7\u00f5es <span style=\"text-decoration: underline;\"><span style=\"color: #ff0000; text-decoration: underline;\"><a style=\"color: #ff0000; text-decoration: underline;\" href=\"https:\/\/www.segurancadopaciente.com.br\/dia-mundial-da-seguranca-do-paciente\/\" target=\"_blank\" rel=\"noopener\">aqui<\/a><\/span><\/span>.<\/div>\n<\/div>\n<div data-index=\"0\" data-style=\"{&quot;background_image_attachment&quot;:false,&quot;background_display&quot;:&quot;tile&quot;,&quot;link_color&quot;:&quot;#e67a18&quot;}\"><\/div>\n<div data-index=\"0\" data-style=\"{&quot;background_image_attachment&quot;:false,&quot;background_display&quot;:&quot;tile&quot;,&quot;link_color&quot;:&quot;#e67a18&quot;}\">\n<div data-index=\"0\" data-style=\"{&quot;background_image_attachment&quot;:false,&quot;background_display&quot;:&quot;tile&quot;,&quot;link_color&quot;:&quot;#e67a18&quot;}\"><span style=\"font-size: 12pt;\">Seguran\u00e7a para al\u00e9m do erro humano.\u00a0<\/span><\/div>\n<div data-index=\"0\" data-style=\"{&quot;background_image_attachment&quot;:false,&quot;background_display&quot;:&quot;tile&quot;,&quot;link_color&quot;:&quot;#e67a18&quot;}\">Dia: 29\/09\/2020<\/div>\n<div data-index=\"0\" data-style=\"{&quot;background_image_attachment&quot;:false,&quot;background_display&quot;:&quot;tile&quot;,&quot;link_color&quot;:&quot;#e67a18&quot;}\">Hora: 20h<\/div>\n<div data-index=\"0\" data-style=\"{&quot;background_image_attachment&quot;:false,&quot;background_display&quot;:&quot;tile&quot;,&quot;link_color&quot;:&quot;#e67a18&quot;}\">Inscri\u00e7\u00f5es <span style=\"text-decoration: underline;\"><span style=\"color: #ff0000; text-decoration: underline;\"><a style=\"color: #ff0000; text-decoration: underline;\" href=\"https:\/\/www.segurancadopaciente.com.br\/dia-mundial-da-seguranca-do-paciente\/\" target=\"_blank\" rel=\"noopener\">aqui<\/a><\/span><\/span>.<\/div>\n<div data-index=\"0\" data-style=\"{&quot;background_image_attachment&quot;:false,&quot;background_display&quot;:&quot;tile&quot;,&quot;link_color&quot;:&quot;#e67a18&quot;}\"><\/div>\n<\/div>\n<div id=\"pg-144-0\" class=\"panel-grid panel-no-style\">\n<div id=\"pgc-144-0-0\" class=\"panel-grid-cell\" data-weight=\"1\">\n<div data-index=\"0\" data-style=\"{&quot;background_image_attachment&quot;:false,&quot;background_display&quot;:&quot;tile&quot;,&quot;link_color&quot;:&quot;#e67a18&quot;}\">\n<hr \/>\n<\/div>\n<div data-index=\"0\" data-style=\"{&quot;background_image_attachment&quot;:false,&quot;background_display&quot;:&quot;tile&quot;,&quot;link_color&quot;:&quot;#e67a18&quot;}\"><strong style=\"font-size: 12pt;\">\u00c1gora ABRASCO<\/strong><\/div>\n<div class=\"so-panel widget widget_sow-editor panel-first-child panel-last-child\" data-index=\"0\" data-style=\"{&quot;background_image_attachment&quot;:false,&quot;background_display&quot;:&quot;tile&quot;,&quot;link_color&quot;:&quot;#e67a18&quot;}\"><span style=\"font-size: 12pt;\">A <\/span><a style=\"font-size: 12pt;\" href=\"https:\/\/www.abrasco.org.br\/site\/tag\/agora-abrasco\/\" target=\"_blank\" rel=\"noopener noreferrer\">programa\u00e7\u00e3o completa do \u00c1gora Abrasco<\/a><span style=\"font-size: 12pt;\"> est\u00e1 dispon\u00edvel e todos os pain\u00e9is e col\u00f3quios est\u00e3o salvos no youtube.<\/span><\/div>\n<\/div>\n<\/div>\n<div id=\"pg-144-0\" class=\"panel-grid panel-no-style\">\n<div id=\"pgc-144-0-0\" class=\"panel-grid-cell\" data-weight=\"1\">\n<div id=\"panel-144-0-0-0\" class=\"so-panel widget widget_sow-editor panel-first-child panel-last-child\" data-index=\"0\" data-style=\"{&quot;background_image_attachment&quot;:false,&quot;background_display&quot;:&quot;tile&quot;,&quot;link_color&quot;:&quot;#e67a18&quot;}\">\n<p><a href=\"https:\/\/www.abrasco.org.br\/site\/tag\/agora-abrasco\/\" target=\"_blank\" rel=\"noopener\"><img decoding=\"async\" loading=\"lazy\" class=\"alignnone wp-image-373 \" src=\"https:\/\/sites.enf.ufmg.br\/internato-enfermagem-aps\/wp-content\/uploads\/2020\/06\/eventos1-768x380-1.jpg\" alt=\"\" width=\"430\" height=\"213\" srcset=\"https:\/\/sites.enf.ufmg.br\/internato-enfermagem-aps\/wp-content\/uploads\/2020\/06\/eventos1-768x380-1.jpg 768w, https:\/\/sites.enf.ufmg.br\/internato-enfermagem-aps\/wp-content\/uploads\/2020\/06\/eventos1-768x380-1-300x148.jpg 300w, https:\/\/sites.enf.ufmg.br\/internato-enfermagem-aps\/wp-content\/uploads\/2020\/06\/eventos1-768x380-1-2x1.jpg 2w\" sizes=\"(max-width: 430px) 100vw, 430px\" \/><\/a><\/p>\n<hr \/>\n<div class=\"siteorigin-widget-tinymce textwidget\"><span style=\"font-size: 12pt;\"><a href=\"https:\/\/redeaps.org.br\/2020\/04\/26\/desafios-da-aps-no-sus-no-enfrentamento-da-covid-19-seminario-virtual-rede-aps-abrasco\/\" target=\"_blank\" rel=\"noopener noreferrer\"><strong>SEMIN\u00c1RIO \u2013 Desafios da APS no SUS no enfretamento da COVID-19<\/strong><\/a><\/span><\/div>\n<div class=\"siteorigin-widget-tinymce textwidget\"><img decoding=\"async\" loading=\"lazy\" class=\"alignnone wp-image-36 size-full\" src=\"https:\/\/sites.enf.ufmg.br\/internato-enfermagem-aps\/wp-content\/uploads\/2020\/06\/eventos2.png\" alt=\"\" width=\"371\" height=\"144\" srcset=\"https:\/\/sites.enf.ufmg.br\/internato-enfermagem-aps\/wp-content\/uploads\/2020\/06\/eventos2.png 371w, https:\/\/sites.enf.ufmg.br\/internato-enfermagem-aps\/wp-content\/uploads\/2020\/06\/eventos2-300x116.png 300w, https:\/\/sites.enf.ufmg.br\/internato-enfermagem-aps\/wp-content\/uploads\/2020\/06\/eventos2-3x1.png 3w\" sizes=\"(max-width: 371px) 100vw, 371px\" \/><\/div>\n<div class=\"siteorigin-widget-tinymce textwidget\"><span style=\"font-size: 12pt;\">O simp\u00f3sio fica salvo no <\/span><a style=\"font-size: 12pt;\" href=\"https:\/\/www.youtube.com\/watch?v=EcfJXwZdAsI&amp;feature=youtu.be\" target=\"_blank\" rel=\"noopener noreferrer\">youtube.<\/a><\/div>\n<div class=\"siteorigin-widget-tinymce textwidget\"><span style=\"font-size: 12pt;\">Fa\u00e7a o download do <\/span><a style=\"font-size: 12pt;\" href=\"https:\/\/redeaps.org.br\/wp-content\/uploads\/2020\/04\/Relatorio-Rede-APS-_Semina{e35aac5d1997a23bf1889f65a8fad86096b67b8b74a5f2eaa72c33c27615ef44}CC{e35aac5d1997a23bf1889f65a8fad86096b67b8b74a5f2eaa72c33c27615ef44}81rio-APS-no-SUS-e-Covid-16-Abril-2020-final.pdf\" target=\"_blank\" rel=\"noopener noreferrer\">relat\u00f3rio.<\/a><\/div>\n<div class=\"siteorigin-widget-tinymce textwidget\"><span style=\"font-size: 12pt;\">Realizado pela ABRASCO<\/span><\/div>\n<\/div>\n<\/div>\n<\/div>\n<div id=\"pgc-144-0-0\" class=\"panel-grid-cell\" data-weight=\"1\">\n<div>\n<hr \/>\n<\/div>\n<\/div>\n<div id=\"pg-144-0\" class=\"panel-grid panel-no-style\">\n<div id=\"pgc-144-0-0\" class=\"panel-grid-cell\" data-weight=\"1\">\n<div id=\"panel-144-0-0-0\" class=\"so-panel widget widget_sow-editor panel-first-child panel-last-child\" data-index=\"0\" data-style=\"{&quot;background_image_attachment&quot;:false,&quot;background_display&quot;:&quot;tile&quot;,&quot;link_color&quot;:&quot;#e67a18&quot;}\"><span style=\"font-size: 12pt;\"><a href=\"https:\/\/redeaps.org.br\/2020\/05\/08\/2o-seminario-da-rede-aps\/\" target=\"_blank\" rel=\"noopener\"><strong>SEMIN\u00c1RIO - Experi\u00eancias de Fortalecimento da Estrat\u00e9gia Sa\u00fade da Fam\u00edlia para o Enfrentamento da COVID-19: O que podemos aprender?<\/strong><\/a><\/span><\/div>\n<h1 class=\"so-panel widget widget_sow-editor panel-first-child panel-last-child\" data-index=\"0\" data-style=\"{&quot;background_image_attachment&quot;:false,&quot;background_display&quot;:&quot;tile&quot;,&quot;link_color&quot;:&quot;#e67a18&quot;}\"><a href=\"https:\/\/redeaps.org.br\/2020\/05\/08\/2o-seminario-da-rede-aps\/\" target=\"_blank\" rel=\"noopener\"><img decoding=\"async\" loading=\"lazy\" class=\"alignnone wp-image-97 size-full\" src=\"https:\/\/sites.enf.ufmg.br\/internato-enfermagem-aps\/wp-content\/uploads\/2020\/06\/RedeAPS-evento.jpg\" alt=\"\" width=\"738\" height=\"239\" srcset=\"https:\/\/sites.enf.ufmg.br\/internato-enfermagem-aps\/wp-content\/uploads\/2020\/06\/RedeAPS-evento.jpg 738w, https:\/\/sites.enf.ufmg.br\/internato-enfermagem-aps\/wp-content\/uploads\/2020\/06\/RedeAPS-evento-300x97.jpg 300w, https:\/\/sites.enf.ufmg.br\/internato-enfermagem-aps\/wp-content\/uploads\/2020\/06\/RedeAPS-evento-3x1.jpg 3w\" sizes=\"(max-width: 738px) 100vw, 738px\" \/><\/a><\/h1>\n<h1 class=\"so-panel widget widget_sow-editor panel-first-child panel-last-child\" data-index=\"0\" data-style=\"{&quot;background_image_attachment&quot;:false,&quot;background_display&quot;:&quot;tile&quot;,&quot;link_color&quot;:&quot;#e67a18&quot;}\"><span style=\"font-size: 12pt; font-family: arial, helvetica, sans-serif;\">O simp\u00f3sio fica salvo no\u00a0<a href=\"https:\/\/www.youtube.com\/watch?v=Bk5lWekQ3yQ&amp;feature=youtu.be\" target=\"_blank\" rel=\"noopener\">youtube<\/a><br \/>\nRealizado pela ABRASCO<\/span><span style=\"font-size: 12pt;\"><br \/>\n<\/span><\/h1>\n<\/div>\n<\/div>\n<div id=\"pg-144-0\" class=\"panel-grid panel-no-style\">\n<div id=\"pgc-144-0-0\" class=\"panel-grid-cell\" data-weight=\"1\">\n<div class=\"so-widget-sow-editor so-widget-sow-editor-base\">\n<hr \/>\n<p class=\"siteorigin-widget-tinymce textwidget\"><span style=\"font-size: 12pt;\"><a href=\"https:\/\/www.medicina.ufmg.br\/eventos\/websimposio-o-papel-da-aps-na-pandemia-do-covid-19-minas-gerais\/\" target=\"_blank\" rel=\"noopener noreferrer\"><strong>WEBSIP\u00d3SIO \u2013 A APS no enfretamento da Pandemia de COVID-19 \u2013 Minas Gerais<\/strong><\/a><\/span><\/p>\n<p><img decoding=\"async\" loading=\"lazy\" class=\"alignnone wp-image-37 size-full\" src=\"https:\/\/sites.enf.ufmg.br\/internato-enfermagem-aps\/wp-content\/uploads\/2020\/06\/eventos3-e1592229296443.png\" alt=\"\" width=\"438\" height=\"90\" srcset=\"https:\/\/sites.enf.ufmg.br\/internato-enfermagem-aps\/wp-content\/uploads\/2020\/06\/eventos3-e1592229296443.png 438w, https:\/\/sites.enf.ufmg.br\/internato-enfermagem-aps\/wp-content\/uploads\/2020\/06\/eventos3-e1592229296443-300x62.png 300w, https:\/\/sites.enf.ufmg.br\/internato-enfermagem-aps\/wp-content\/uploads\/2020\/06\/eventos3-e1592229296443-5x1.png 5w\" sizes=\"(max-width: 438px) 100vw, 438px\" \/><\/p>\n<p class=\"siteorigin-widget-tinymce textwidget\"><span style=\"font-size: 12pt;\">O websimp\u00f3sio fica salvo no youtube<\/span><\/p>\n<\/div>\n<div class=\"so-widget-sow-editor so-widget-sow-editor-base\"><span style=\"font-size: 12pt;\"><a href=\"https:\/\/www.youtube.com\/watch?time_continue=445&amp;v=fNOSq0mExcI&amp;feature=emb_title\" target=\"_blank\" rel=\"noopener\">Parte I - Situa\u00e7\u00e3o atual, desafios e diretrizes adotadas<\/a>\u00a0<\/span><\/div>\n<div class=\"so-widget-sow-editor so-widget-sow-editor-base\"><span style=\"font-size: 12pt;\"><a href=\"https:\/\/www.youtube.com\/watch?v=7cI96Kl0fgk&amp;feature=emb_title\" target=\"_blank\" rel=\"noopener\">Parte II - Situa\u00e7\u00e3o atual, desafios e diretrizes adotadas<\/a><\/span><\/div>\n<div class=\"so-widget-sow-editor so-widget-sow-editor-base\"><span style=\"font-size: 12pt;\"><a href=\"https:\/\/www.youtube.com\/watch?v=brlaVR9wiDw&amp;feature=emb_title\" target=\"_blank\" rel=\"noopener\">Parte III - O papel do ACS na aten\u00e7\u00e3o primaria junto ao enfrentamento da pandemia<\/a>\u00a0<\/span><\/div>\n<div class=\"so-widget-sow-editor so-widget-sow-editor-base\"><span style=\"font-size: 12pt;\"><a href=\"https:\/\/www.youtube.com\/watch?time_continue=3&amp;v=xDSCa2036V4&amp;feature=emb_title\" target=\"_blank\" rel=\"noopener\">Parte IV - Desafios para o SUS na pandemia<\/a>\u00a0<\/span><\/div>\n<div class=\"so-widget-sow-editor so-widget-sow-editor-base\">\n<p class=\"siteorigin-widget-tinymce textwidget\"><span style=\"font-size: 12pt;\">Realizado pela Faculdade de Medicina da UFMG<\/span><\/p>\n<\/div>\n<\/div>\n<\/div>\n<\/div>\n<\/div><\/div><\/div><\/div><\/div>","protected":false},"excerpt":{"rendered":"<p>Instituto Brasileiro para Seguran\u00e7a do Paciente\u00a0 O Fator Humano na Avia\u00e7\u00e3o: Quais li\u00e7\u00f5es os profissionais de sa\u00fade podem aprender com a \u00e1rea de seguran\u00e7a da avia\u00e7\u00e3o. Dia: 15\/09\/2020 Hora: 20h Inscri\u00e7\u00f5es aqui. Live: &#8220;Unite for Safe Care&#8221;. Dia: 17\/09\/2020 Hora: 18h Inscri\u00e7\u00f5es aqui. Abordagem \u00e0 segunda v\u00edtima de evento adverso. Dia: 22\/09\/2020 Hora: 20h Inscri\u00e7\u00f5es [&hellip;]<\/p>\n","protected":false},"author":1,"featured_media":0,"parent":0,"menu_order":0,"comment_status":"closed","ping_status":"closed","template":"","meta":{"footnotes":""},"jetpack_sharing_enabled":true,"_links":{"self":[{"href":"https:\/\/sites.enf.ufmg.br\/internato-enfermagem-aps\/wp-json\/wp\/v2\/pages\/154"}],"collection":[{"href":"https:\/\/sites.enf.ufmg.br\/internato-enfermagem-aps\/wp-json\/wp\/v2\/pages"}],"about":[{"href":"https:\/\/sites.enf.ufmg.br\/internato-enfermagem-aps\/wp-json\/wp\/v2\/types\/page"}],"author":[{"embeddable":true,"href":"https:\/\/sites.enf.ufmg.br\/internato-enfermagem-aps\/wp-json\/wp\/v2\/users\/1"}],"replies":[{"embeddable":true,"href":"https:\/\/sites.enf.ufmg.br\/internato-enfermagem-aps\/wp-json\/wp\/v2\/comments?post=154"}],"version-history":[{"count":11,"href":"https:\/\/sites.enf.ufmg.br\/internato-enfermagem-aps\/wp-json\/wp\/v2\/pages\/154\/revisions"}],"predecessor-version":[{"id":862,"href":"https:\/\/sites.enf.ufmg.br\/internato-enfermagem-aps\/wp-json\/wp\/v2\/pages\/154\/revisions\/862"}],"wp:attachment":[{"href":"https:\/\/sites.enf.ufmg.br\/internato-enfermagem-aps\/wp-json\/wp\/v2\/media?parent=154"}],"curies":[{"name":"wp","href":"https:\/\/api.w.org\/{rel}","templated":true}]}}