{"id":186,"date":"2020-06-25T15:39:28","date_gmt":"2020-06-25T18:39:28","guid":{"rendered":"https:\/\/sites.enf.ufmg.br\/internato-enfermagem-aps\/?page_id=186"},"modified":"2020-06-26T14:40:09","modified_gmt":"2020-06-26T17:40:09","slug":"sites-e-links","status":"publish","type":"page","link":"https:\/\/sites.enf.ufmg.br\/internato-enfermagem-aps\/sites-e-links\/","title":{"rendered":"Sites e links"},"content":{"rendered":"<div id=\"pl-186\"  class=\"panel-layout\" ><div id=\"pg-186-0\"  class=\"panel-grid panel-no-style\" ><div id=\"pgc-186-0-0\"  class=\"panel-grid-cell\" ><div id=\"panel-186-0-0-0\" class=\"so-panel widget widget_sow-editor panel-first-child panel-last-child\" data-index=\"0\" ><div\n\t\t\t\n\t\t\tclass=\"so-widget-sow-editor so-widget-sow-editor-base\"\n\t\t\t\n\t\t>\n<div class=\"siteorigin-widget-tinymce textwidget\">\n\t<p><span style=\"font-size: 12pt; color: #e67a18;\">- <a style=\"color: #e67a18;\" href=\"https:\/\/www.who.int\/es\/emergencies\/diseases\/novel-coronavirus-2019\" target=\"_blank\" rel=\"noopener\">Organiza\u00e7\u00e3o Mundial da Sa\u00fade (OMS)<\/a><\/span><br \/>\n<span style=\"font-size: 12pt; color: #e67a18;\">- <a style=\"color: #e67a18;\" href=\"https:\/\/www.paho.org\/es\/temas\/coronavirus\/enfermedad-por-coronavirus-covid-19\" target=\"_blank\" rel=\"noopener\">Organiza\u00e7\u00e3o Pan-Americana da Sa\u00fade (OPAS)<\/a> <\/span><br \/>\n<span style=\"font-size: 12pt; color: #e67a18;\">- <a style=\"color: #e67a18;\" href=\"https:\/\/coronavirus.saude.gov.br\/\" target=\"_blank\" rel=\"noopener\">Minist\u00e9rio da Sa\u00fade (MS)<\/a> <\/span><br \/>\n<span style=\"font-size: 12pt; color: #e67a18;\">- <a style=\"color: #e67a18;\" href=\"https:\/\/www.saude.mg.gov.br\/coronav\u00edrus\" target=\"_blank\" rel=\"noopener\">Secretaria Estadual de Sa\u00fade de Minas Gerais (SES MG)<\/a><\/span><\/p>\n<hr \/>\n<p><span style=\"font-size: 12pt; color: #e67a18;\">- <a style=\"color: #e67a18;\" href=\"https:\/\/ufmg.br\/coronavirus\" target=\"_blank\" rel=\"noopener\">Universidade Federal de Minas Gerais (UFMG)<\/a><\/span><br \/>\n<span style=\"font-size: 12pt; color: #e67a18;\">- <a style=\"color: #e67a18;\" href=\"http:\/\/www.enf.ufmg.br\/index.php\/2016-06-27-17-09-21\/informacoes-sobre-coronavirus\" target=\"_blank\" rel=\"noopener\">Enfermagem UFMG<\/a><\/span><br \/>\n<span style=\"font-size: 12pt; color: #e67a18;\">- <a style=\"color: #e67a18;\" href=\"https:\/\/portal.fiocruz.br\/coronavirus\" target=\"_blank\" rel=\"noopener\">Funda\u00e7\u00e3o Oswaldo Cruz (FIOCRUZ)<\/a><\/span><\/p>\n<hr \/>\n<p><span style=\"font-size: 12pt; color: #e67a18;\">- <a style=\"color: #e67a18;\" href=\"http:\/\/juntoscontracoronavirus.com.br\/\" target=\"_blank\" rel=\"noopener\">Conselho Federal de Enfermagem (COFEN)<\/a><\/span><br \/>\n<span style=\"font-size: 12pt; color: #e67a18;\">- <a style=\"color: #e67a18;\" href=\"https:\/\/www.conasems.org.br\/covid-19\/\" target=\"_blank\" rel=\"noopener\">Conselho Nacional de Secretarias Municipais de Sa\u00fade (CONASEMS)<\/a><\/span><br \/>\n<span style=\"font-size: 12pt; color: #e67a18;\">- <a style=\"color: #e67a18;\" href=\"https:\/\/www.cosemsmg.org.br\/site\/index.php\" target=\"_blank\" rel=\"noopener\">Conselho de Secretarias Municipais de Sa\u00fade Minas Gerais (COSEMS MG)<\/a><\/span><\/p>\n<hr \/>\n<p><span style=\"font-size: 12pt; color: #e67a18;\">- <a style=\"color: #e67a18;\" href=\"http:\/\/bvsenfermeria.bvsalud.org\/pt\/brasil\/\" target=\"_blank\" rel=\"noopener\">Biblioteca Virtual de Sa\u00fade (BVS)<\/a><\/span><\/p>\n<\/div>\n<\/div><\/div><\/div><\/div><\/div>","protected":false},"excerpt":{"rendered":"<p>&#8211; Organiza\u00e7\u00e3o Mundial da Sa\u00fade (OMS) &#8211; Organiza\u00e7\u00e3o Pan-Americana da Sa\u00fade (OPAS) &#8211; Minist\u00e9rio da Sa\u00fade (MS) &#8211; Secretaria Estadual de Sa\u00fade de Minas Gerais (SES MG) &#8211; Universidade Federal de Minas Gerais (UFMG) &#8211; Enfermagem UFMG &#8211; Funda\u00e7\u00e3o Oswaldo Cruz (FIOCRUZ) &#8211; Conselho Federal de Enfermagem (COFEN) &#8211; Conselho Nacional de Secretarias Municipais de [&hellip;]<\/p>\n","protected":false},"author":1,"featured_media":0,"parent":0,"menu_order":0,"comment_status":"closed","ping_status":"closed","template":"","meta":{"footnotes":""},"jetpack_sharing_enabled":true,"_links":{"self":[{"href":"https:\/\/sites.enf.ufmg.br\/internato-enfermagem-aps\/wp-json\/wp\/v2\/pages\/186"}],"collection":[{"href":"https:\/\/sites.enf.ufmg.br\/internato-enfermagem-aps\/wp-json\/wp\/v2\/pages"}],"about":[{"href":"https:\/\/sites.enf.ufmg.br\/internato-enfermagem-aps\/wp-json\/wp\/v2\/types\/page"}],"author":[{"embeddable":true,"href":"https:\/\/sites.enf.ufmg.br\/internato-enfermagem-aps\/wp-json\/wp\/v2\/users\/1"}],"replies":[{"embeddable":true,"href":"https:\/\/sites.enf.ufmg.br\/internato-enfermagem-aps\/wp-json\/wp\/v2\/comments?post=186"}],"version-history":[{"count":2,"href":"https:\/\/sites.enf.ufmg.br\/internato-enfermagem-aps\/wp-json\/wp\/v2\/pages\/186\/revisions"}],"predecessor-version":[{"id":335,"href":"https:\/\/sites.enf.ufmg.br\/internato-enfermagem-aps\/wp-json\/wp\/v2\/pages\/186\/revisions\/335"}],"wp:attachment":[{"href":"https:\/\/sites.enf.ufmg.br\/internato-enfermagem-aps\/wp-json\/wp\/v2\/media?parent=186"}],"curies":[{"name":"wp","href":"https:\/\/api.w.org\/{rel}","templated":true}]}}